{"version":"1.0","provider_name":"Biserica Ortodox\u0103 &quot;Sf. Ierarh Nicolae&quot; din Vicenza","provider_url":"https:\/\/ortodox.it\/it\/","author_name":"Mihail Borta","author_url":"https:\/\/ortodox.it\/it\/author\/mihailmaster\/","title":"Fiesta per padre Veniamin Onu - Biserica Ortodox\u0103 &quot;Sf. Ierarh Nicolae&quot; din Vicenza","type":"rich","width":600,"height":338,"html":"<blockquote class=\"wp-embedded-content\" data-secret=\"tOK4ulZMAJ\"><a href=\"https:\/\/ortodox.it\/it\/fesla-per-padre-veniamin-onu\/\">Fiesta per padre Veniamin Onu<\/a><\/blockquote><iframe sandbox=\"allow-scripts\" security=\"restricted\" src=\"https:\/\/ortodox.it\/it\/fesla-per-padre-veniamin-onu\/embed\/#?secret=tOK4ulZMAJ\" width=\"600\" height=\"338\" title=\"&#8220;Fiesta per padre Veniamin Onu&#8221; &#8212; Biserica Ortodox\u0103 &quot;Sf. Ierarh Nicolae&quot; din Vicenza\" data-secret=\"tOK4ulZMAJ\" frameborder=\"0\" marginwidth=\"0\" marginheight=\"0\" scrolling=\"no\" class=\"wp-embedded-content\"><\/iframe><script type=\"text\/javascript\">\n\/* <![CDATA[ *\/\n\/*! This file is auto-generated *\/\n!function(d,l){\"use strict\";l.querySelector&&d.addEventListener&&\"undefined\"!=typeof URL&&(d.wp=d.wp||{},d.wp.receiveEmbedMessage||(d.wp.receiveEmbedMessage=function(e){var t=e.data;if((t||t.secret||t.message||t.value)&&!\/[^a-zA-Z0-9]\/.test(t.secret)){for(var s,r,n,a=l.querySelectorAll('iframe[data-secret=\"'+t.secret+'\"]'),o=l.querySelectorAll('blockquote[data-secret=\"'+t.secret+'\"]'),c=new RegExp(\"^https?:$\",\"i\"),i=0;i<o.length;i++)o[i].style.display=\"none\";for(i=0;i<a.length;i++)s=a[i],e.source===s.contentWindow&&(s.removeAttribute(\"style\"),\"height\"===t.message?(1e3<(r=parseInt(t.value,10))?r=1e3:~~r<200&&(r=200),s.height=r):\"link\"===t.message&&(r=new URL(s.getAttribute(\"src\")),n=new URL(t.value),c.test(n.protocol))&&n.host===r.host&&l.activeElement===s&&(d.top.location.href=t.value))}},d.addEventListener(\"message\",d.wp.receiveEmbedMessage,!1),l.addEventListener(\"DOMContentLoaded\",function(){for(var e,t,s=l.querySelectorAll(\"iframe.wp-embedded-content\"),r=0;r<s.length;r++)(t=(e=s[r]).getAttribute(\"data-secret\"))||(t=Math.random().toString(36).substring(2,12),e.src+=\"#?secret=\"+t,e.setAttribute(\"data-secret\",t)),e.contentWindow.postMessage({message:\"ready\",secret:t},\"*\")},!1)))}(window,document);\n\/\/# sourceURL=https:\/\/ortodox.it\/wp-includes\/js\/wp-embed.min.js\n\/* ]]> *\/\n<\/script>\n","description":"Domani, la comunit\u00e0 ortodossa locale si stringer\u00e0 attorno alla sua guida, padre Veniamin Onu, che festegger\u00e0 dieci anni di ordinazione sacerdotale. Alle 11, durante la liturgia festiva, ci sar\u00e0 un semplice momento celebrativo che ricorder\u00e0 contemporaneamente i tre anni di presenza del giovane prete moldavo a Fidenza dove ha potuto formare una vera e propria [&hellip;]"}